{"id":211,"date":"2021-11-18T17:55:21","date_gmt":"2021-11-18T16:55:21","guid":{"rendered":"https:\/\/projekt.radikale-rechte.de\/?page_id=211"},"modified":"2024-10-24T12:35:32","modified_gmt":"2024-10-24T10:35:32","slug":"impressum","status":"publish","type":"page","link":"https:\/\/projekt.radikale-rechte.de\/index.php\/impressum\/","title":{"rendered":"Impressum"},"content":{"rendered":"\n<h4 class=\"wp-block-heading\">Forschungsprojekt \u201eDie radikale Rechte in Deutschland, 1945\u20132000\u201c<\/h4>\n\n\n\n<p>Leibniz-Zentrum f\u00fcr Zeithistorische Forschung<br>Am Neuen Markt 1<br>14467 Potsdam<\/p>\n\n\n\n<p>Moses Mendelssohn Zentrum f\u00fcr europ\u00e4isch-j\u00fcdische Studien e.V.<br>Am Neuen Markt 8<br>14467 Potsdam<\/p>\n\n\n\n<div style=\"height:40px\" aria-hidden=\"true\" class=\"wp-block-spacer\"><\/div>\n\n\n\n<h5 class=\"wp-block-heading\"> Inhaltliche Verantwortung <\/h5>\n\n\n\n<p>F\u00fcr den Inhalt der Homepage ist das Forschungsprojekt \u201eDie radikale Rechte in Deutschland, 1945\u20132000\u201c verantwortlich.<\/p>\n\n\n\n<p>Inhaltlich verantwortlich gem\u00e4\u00df \u00a7 55 Abs. 2 RStV:<br>Prof. Dr. Frank B\u00f6sch<br>Leibniz-Zentrum f\u00fcr Zeithistorische Forschung<br>Am Neuen Markt 1<br>14467 Potsdam <\/p>\n\n\n\n<div style=\"height:40px\" aria-hidden=\"true\" class=\"wp-block-spacer\"><\/div>\n\n\n\n<h5 class=\"wp-block-heading\">Gestaltung &amp; Betreuung (bis Juni 2024)<\/h5>\n\n\n\n<p><a rel=\"noreferrer noopener\" href=\"https:\/\/zzf-potsdam.de\/de\/mitarbeiter\/georg-wamhof\" target=\"_blank\">Georg Wamhof<\/a><br>Leibniz-Zentrum f\u00fcr Zeithistorische Forschung<br>Am Neuen Markt 1<br>14467 Potsdam <br>E-Mail: georg.wamhof[at]zzf-potsdam.de<\/p>\n\n\n\n<ul class=\"wp-block-social-links has-visible-labels is-style-logos-only is-horizontal is-layout-flex wp-block-social-links-is-layout-flex\"><li class=\"wp-social-link wp-social-link-mastodon  wp-block-social-link\"><a rel=\"noopener nofollow\" target=\"_blank\" href=\"https:\/\/mstdn.social\/@gewam\" class=\"wp-block-social-link-anchor\"><svg width=\"24\" height=\"24\" viewBox=\"0 0 24 24\" version=\"1.1\" xmlns=\"http:\/\/www.w3.org\/2000\/svg\" aria-hidden=\"true\" focusable=\"false\"><path d=\"M23.193 7.879c0-5.206-3.411-6.732-3.411-6.732C18.062.357 15.108.025 12.041 0h-.076c-3.068.025-6.02.357-7.74 1.147 0 0-3.411 1.526-3.411 6.732 0 1.192-.023 2.618.015 4.129.124 5.092.934 10.109 5.641 11.355 2.17.574 4.034.695 5.535.612 2.722-.15 4.25-.972 4.25-.972l-.09-1.975s-1.945.613-4.129.539c-2.165-.074-4.449-.233-4.799-2.891a5.499 5.499 0 0 1-.048-.745s2.125.52 4.817.643c1.646.075 3.19-.097 4.758-.283 3.007-.359 5.625-2.212 5.954-3.905.517-2.665.475-6.507.475-6.507zm-4.024 6.709h-2.497V8.469c0-1.29-.543-1.944-1.628-1.944-1.2 0-1.802.776-1.802 2.312v3.349h-2.483v-3.35c0-1.536-.602-2.312-1.802-2.312-1.085 0-1.628.655-1.628 1.944v6.119H4.832V8.284c0-1.289.328-2.313.987-3.07.68-.758 1.569-1.146 2.674-1.146 1.278 0 2.246.491 2.886 1.474L12 6.585l.622-1.043c.64-.983 1.608-1.474 2.886-1.474 1.104 0 1.994.388 2.674 1.146.658.757.986 1.781.986 3.07v6.304z\"\/><\/svg><span class=\"wp-block-social-link-label\">Mastodon<\/span><\/a><\/li><\/ul>\n\n\n\n<p>Die Gestaltung der Homepage erfolgte unter Verwendung des <a rel=\"noreferrer noopener\" href=\"https:\/\/wordpress.com\/theme\/plane\" target=\"_blank\">WordPress-Themes \u201ePlane\u201c<\/a>.<\/p>\n\n\n\n<div style=\"height:40px\" aria-hidden=\"true\" class=\"wp-block-spacer\"><\/div>\n\n\n\n<h5 class=\"wp-block-heading\">Haftungshinweis<\/h5>\n\n\n\n<p>Trotz sorgf\u00e4ltiger inhaltlicher Kontrolle \u00fcbernehmen wir keine Haftung f\u00fcr die Inhalte externer Links. F\u00fcr den Inhalt der verlinkten Seiten sind ausschlie\u00dflich deren Betreiber verantwortlich.<br><a rel=\"noreferrer noopener\" href=\"http:\/\/www.disclaimer.de\/disclaimer.htm?farbe=FFFFFF\/000000\/000000\/000000\" target=\"_blank\">Haftungsausschluss<\/a><\/p>\n\n\n\n<div style=\"height:40px\" aria-hidden=\"true\" class=\"wp-block-spacer\"><\/div>\n\n\n\n<h5 class=\"wp-block-heading\" id=\"Bildnachweis\">Bildnachweis<\/h5>\n\n\n\n<p>Abbildung im Header unter Verwendung von: Demonstration von \u201eNeonazis\u201c, Leipzig 15. Januar 1990 (Foto: <a rel=\"noreferrer noopener\" href=\"https:\/\/commons.wikimedia.org\/wiki\/File:Bundesarchiv_Bild_183-1990-0115-032,_Leipzig,_Demonstration_von_%22Republikanern%22,_Neonazis.jpg\" data-type=\"URL\" data-id=\"https:\/\/commons.wikimedia.org\/wiki\/File:Bundesarchiv_Bild_183-1990-0115-032,_Leipzig,_Demonstration_von_%22Republikanern%22,_Neonazis.jpg\" target=\"_blank\">Bundesarchiv, Bild 183-1990-0115-032<\/a> \/ Kluge, Wolfgang \/ <a href=\"https:\/\/creativecommons.org\/licenses\/by-sa\/3.0\/de\/deed.en\">CC BY-SA 3.0 DE<\/a>).<\/p>\n","protected":false},"excerpt":{"rendered":"<p>Forschungsprojekt \u201eDie radikale Rechte in Deutschland, 1945\u20132000\u201c Leibniz-Zentrum f\u00fcr Zeithistorische ForschungAm Neuen Markt 114467 Potsdam Moses Mendelssohn Zentrum f\u00fcr europ\u00e4isch-j\u00fcdische Studien e.V.Am Neuen Markt 814467 Potsdam Inhaltliche Verantwortung F\u00fcr den Inhalt der Homepage ist das Forschungsprojekt \u201eDie radikale Rechte in&hellip;  <\/p>\n<p class=\"more-link\"><a href=\"https:\/\/projekt.radikale-rechte.de\/index.php\/impressum\/\">Continue reading <span class=\"meta-nav\">&rarr;<\/span><\/a><\/p>\n","protected":false},"author":2,"featured_media":0,"parent":0,"menu_order":0,"comment_status":"closed","ping_status":"closed","template":"","meta":{"footnotes":""},"class_list":["post-211","page","type-page","status-publish","hentry"],"_links":{"self":[{"href":"https:\/\/projekt.radikale-rechte.de\/index.php\/wp-json\/wp\/v2\/pages\/211","targetHints":{"allow":["GET"]}}],"collection":[{"href":"https:\/\/projekt.radikale-rechte.de\/index.php\/wp-json\/wp\/v2\/pages"}],"about":[{"href":"https:\/\/projekt.radikale-rechte.de\/index.php\/wp-json\/wp\/v2\/types\/page"}],"author":[{"embeddable":true,"href":"https:\/\/projekt.radikale-rechte.de\/index.php\/wp-json\/wp\/v2\/users\/2"}],"replies":[{"embeddable":true,"href":"https:\/\/projekt.radikale-rechte.de\/index.php\/wp-json\/wp\/v2\/comments?post=211"}],"version-history":[{"count":23,"href":"https:\/\/projekt.radikale-rechte.de\/index.php\/wp-json\/wp\/v2\/pages\/211\/revisions"}],"predecessor-version":[{"id":1409,"href":"https:\/\/projekt.radikale-rechte.de\/index.php\/wp-json\/wp\/v2\/pages\/211\/revisions\/1409"}],"wp:attachment":[{"href":"https:\/\/projekt.radikale-rechte.de\/index.php\/wp-json\/wp\/v2\/media?parent=211"}],"curies":[{"name":"wp","href":"https:\/\/api.w.org\/{rel}","templated":true}]}}