{"id":22,"date":"2021-11-16T12:51:17","date_gmt":"2021-11-16T11:51:17","guid":{"rendered":"https:\/\/projekt.radikale-rechte.de\/?page_id=22"},"modified":"2026-02-26T11:32:33","modified_gmt":"2026-02-26T10:32:33","slug":"darius-muschiol","status":"publish","type":"page","link":"https:\/\/projekt.radikale-rechte.de\/index.php\/darius-muschiol\/","title":{"rendered":"Darius Muschiol"},"content":{"rendered":"\n<div class=\"wp-block-columns is-layout-flex wp-container-core-columns-is-layout-9d6595d7 wp-block-columns-is-layout-flex\">\n<div class=\"wp-block-column is-layout-flow wp-block-column-is-layout-flow\" style=\"flex-basis:33.33%\">\n<figure class=\"wp-block-image size-large\"><img loading=\"lazy\" decoding=\"async\" width=\"682\" height=\"1024\" src=\"https:\/\/projekt.radikale-rechte.de\/wp-content\/uploads\/2021\/11\/Muschiol-1-682x1024.jpg\" alt=\"\" class=\"wp-image-171\" srcset=\"https:\/\/projekt.radikale-rechte.de\/wp-content\/uploads\/2021\/11\/Muschiol-1-682x1024.jpg 682w, https:\/\/projekt.radikale-rechte.de\/wp-content\/uploads\/2021\/11\/Muschiol-1-200x300.jpg 200w, https:\/\/projekt.radikale-rechte.de\/wp-content\/uploads\/2021\/11\/Muschiol-1-768x1153.jpg 768w, https:\/\/projekt.radikale-rechte.de\/wp-content\/uploads\/2021\/11\/Muschiol-1-240x360.jpg 240w, https:\/\/projekt.radikale-rechte.de\/wp-content\/uploads\/2021\/11\/Muschiol-1.jpg 799w\" sizes=\"auto, (max-width: 682px) 100vw, 682px\" \/><\/figure>\n<\/div>\n\n\n\n<div class=\"wp-block-column is-layout-flow wp-block-column-is-layout-flow\" style=\"flex-basis:66.66%\">\n<p><strong>Darius Muschiol war seit Juni 2021 assoziierter Doktorand am ZZF Potsdam im Forschungsprojekt \u201eDie radikale Rechte in Deutschland, 1945-2000\u201c. Sein Promotionsprojekt zum Thema \u201eEinzelt\u00e4ter? Rechtsterroristische Akteure in der alten Bundesrepublik\u201c wurde von der Hans-B\u00f6ckler-Stiftung <strong>gef\u00f6rdert <\/strong>.<\/strong> <\/p>\n\n\n\n<p><strong>Darius Muschiol hat am 31. Januar 2024 erfolgreich seine Dissertation abgeschlossen.<\/strong><\/p>\n<\/div>\n<\/div>\n\n\n\n<h4 class=\"wp-block-heading\"><br>Vita<\/h4>\n\n\n\n<p>06\/2021\u201301\/2024<br>Assoziierter Doktorand am ZZF Potsdam im Forschungsprojekt \u201eDie radikale Rechte in Deutschland, 1945-2000\u201c<\/p>\n\n\n\n<p>01\/2020\u2013aktuell<br>Promotionsstipendiat der Hans-B\u00f6ckler-Stiftung<\/p>\n\n\n\n<p>10\/2019\u2013aktuell<br>Doktorand an der Universit\u00e4t Potsdam, Dissertationsprojekt zum Thema \u201eEinzelt\u00e4ter? Rechtsterroristische Akteure in der alten Bundesrepublik\u201c<\/p>\n\n\n\n<p>10\/2015\u201311\/2018<br>Master of Arts an der Universit\u00e4t Potsdam (Studiengang Zeitgeschichte)<\/p>\n\n\n\n<p>09\/2011\u201303\/2015<br>Bachelor of Arts, Albert-Ludwigs-Universit\u00e4t Freiburg<\/p>\n\n\n\n<p>Studium der Neueren und Neuesten Geschichte und der Kulturwissenschaft<\/p>\n\n\n\n<div style=\"height:32px\" aria-hidden=\"true\" class=\"wp-block-spacer\"><\/div>\n\n\n\n<h4 class=\"wp-block-heading\">Publikationen<\/h4>\n\n\n\n<p class=\"has-small-font-size\">Die Kontinuit\u00e4t rassistischer Gewalt. Bundesdeutscher Rechtsterrorismus vor 1990, S. 40\u201349, in: Zeitschrift f\u00fcr Geschichtswissenschaft (ZfG) 74 (2026), 1, <a href=\"https:\/\/www.hsozkult.de\/journal\/id\/z6ann-159999\">https:\/\/www.hsozkult.de\/journal\/id\/z6ann-159999<\/a>. <\/p>\n\n\n\n<p class=\"has-small-font-size\">Einzelt\u00e4ter? Rechtsterroristische Akteure in der alten Bundesrepublik (Geschichte der Gegenwart; 37), G\u00f6ttingen: Wallstein, 2024, DOI: <a href=\"https:\/\/doi.org\/10.46500\/83535724\">10.46500\/83535724<\/a>.<\/p>\n\n\n\n<p class=\"has-small-font-size\">\u00bbDas bewu\u00dfte \u00dcberdecken dieses Raumes mit fremder Kultur und fremden Menschen\u00ab. Die Bedeutung des S\u00fcdtirol-Konfliktes f\u00fcr den deutschen und \u00f6sterreichischen Rechtsextremismus, in: zeitgeschichte 50 (2023), H. 4, S. 493\u2013518, <a href=\"https:\/\/doi.org\/10.14220\/zsch.2023.50.4.493\">https:\/\/doi.org\/10.14220\/zsch.2023.50.4.493<\/a>.<\/p>\n\n\n\n<p class=\"has-small-font-size\">\u00bbWeltweit Teutonic Unity\u00ab: Internationale Verbindungen deutscher Rechtsterroristen vor 1990, in: Marc Coester\/Anna Daun\/Florian Hartleb\/Christoph Kopke\/Vincenz Leuschner (Hg.), Rechter Terrorismus: international \u2013 digital \u2013 analog (Edition Rechtsextremismus), Wiesbaden: Springer VS, 2023, S. 337\u2013375, <a href=\"https:\/\/doi.org\/10.1007\/978-3-658-40396-6_14\" target=\"_blank\" rel=\"noreferrer noopener\">https:\/\/doi.org\/10.1007\/978-3-658-40396-6_14<\/a> <span><a href=\"javascript:\"><img decoding=\"async\" identifier=\"10.1007\/978-3-658-40396-6_14\" identifiertype=\"1\" title=\"Titel anhand dieser DOI in Citavi-Projekt \u00fcbernehmen\" existsinproject=\"0\" class=\"citavipicker\" style=\"border: 0px none!important;width: 16px!important;height: 16px!important;margin-left:1px !important;margin-right:1px !important;\" src=\"data:image\/svg+xml;base64,PD94bWwgdmVyc2lvbj0iMS4wIiBlbmNvZGluZz0idXRmLTgiPz48IURPQ1RZUEUgc3ZnIFBVQkxJQyAiLS8vVzNDLy9EVEQgU1ZHIDEuMS8vRU4iICJodHRwOi8vd3d3LnczLm9yZy9HcmFwaGljcy9TVkcvMS4xL0RURC9zdmcxMS5kdGQiPjxzdmcgdmVyc2lvbj0iMS4xIiBpZD0iRWJlbmVfMSIgeG1sbnM9Imh0dHA6Ly93d3cudzMub3JnLzIwMDAvc3ZnIiB4bWxuczp4bGluaz0iaHR0cDovL3d3dy53My5vcmcvMTk5OS94bGluayIgeD0iMHB4IiB5PSIwcHgiIHdpZHRoPSIxNnB4IiBoZWlnaHQ9IjE2cHgiIHZpZXdCb3g9IjAgMCAxNiAxNiIgZW5hYmxlLWJhY2tncm91bmQ9Im5ldyAwIDAgMTYgMTYiIHhtbDpzcGFjZT0icHJlc2VydmUiPjxnPjxnPjxwYXRoIGZpbGw9IiNGRkZGRkYiIGQ9Ik04LjAwMSwxNS41QzMuODY0LDE1LjUsMC41LDEyLjEzNiwwLjUsOGMwLTQuMTM1LDMuMzY1LTcuNSw3LjUwMS03LjVTMTUuNSwzLjg2NCwxNS41LDhTMTIuMTM3LDE1LjUsOC4wMDEsMTUuNXoiLz48cGF0aCBmaWxsPSIjRDUyQjFFIiBkPSJNOC4wMDEsMUMxMS44NiwxLDE1LDQuMTQxLDE1LDhzLTMuMTM5LDctNi45OTksN0M0LjE0LDE1LDEsMTEuODU5LDEsOFM0LjE0LDEsOC4wMDEsMSBNOC4wMDEsMEMzLjU4MiwwLDAsMy41ODIsMCw4czMuNTgyLDgsOC4wMDEsOEMxMi40MTgsMTYsMTYsMTIuNDE4LDE2LDhTMTIuNDE4LDAsOC4wMDEsMEw4LjAwMSwweiIvPjwvZz48cGF0aCBmaWxsPSIjRDUyQjFFIiBkPSJNNi43NDUsMTIuNTg5Yy0wLjIyNywwLjEyMi0wLjQ5NywwLjI0Ny0wLjY4NCwwLjI0N2MtMC4zMTgsMC0wLjUwMS0wLjE2NC0wLjUwMS0wLjQ1MmMwLTAuMjA3LDAuMTQtMC4zNzUsMC41OTUtMC42MjJjMS41NDktMC45MDQsMi41OTQtMi4yNzIsMi41OTQtMy43MjFjMC0wLjgyNS0wLjIyNy0xLjExOS0wLjY4MS0xLjExOWMtMC4xMzUsMC0wLjMyLDAuMjE5LTAuNjM2LDAuMjE5SDcuMTU3QzYuMTAyLDcuMTQzLDUuMzMzLDYuMjY0LDUuMzMzLDUuMjNjMC0xLjE1MiwwLjk1OC0yLjAwNiwyLjI4LTIuMDA2YzEuNzc3LDAsMy4wNTMsMS4zNzMsMy4wNTMsMy40M0MxMC42NjYsOS4yMTUsOS4yMDMsMTEuMjcsNi43NDUsMTIuNTg5Ii8+PC9nPjwvc3ZnPg\"><\/a><\/span>.<\/p>\n\n\n\n<p class=\"has-small-font-size\">\u00bbSpinner und Agenten\u00ab \u2013 Strategisches Framing des rechtsextremen Milieus im Zusammenhang mit rechtsterroristischen Straftaten am Beispiel der \u203aDeutschen National-Zeitung\u2039, in: Hendrik Puls\/Fabian Virchow (Hg.), Rechtsterrorismus in der alten Bundesrepublik. Historische und sozialwissenschaftliche Perspektiven, Wiesbaden: Springer VS, 2023, S. 207\u2013231, <a rel=\"noreferrer noopener\" href=\"https:\/\/doi.org\/10.1007\/978-3-658-40505-2_9\" target=\"_blank\">https:\/\/doi.org\/10.1007\/978-3-658-40505-2_9 <\/a><a href=\"javascript:\"><img decoding=\"async\" identifier=\"10.1007\/978-3-658-40505-2_9\" identifiertype=\"1\" title=\"Titel anhand dieser DOI in Citavi-Projekt \u00fcbernehmen\" existsinproject=\"0\" class=\"citavipicker\" style=\"border: 0px none!important;width: 16px!important;height: 16px!important;margin-left:1px !important;margin-right:1px !important;\" src=\"data:image\/svg+xml;base64,PD94bWwgdmVyc2lvbj0iMS4wIiBlbmNvZGluZz0idXRmLTgiPz48IURPQ1RZUEUgc3ZnIFBVQkxJQyAiLS8vVzNDLy9EVEQgU1ZHIDEuMS8vRU4iICJodHRwOi8vd3d3LnczLm9yZy9HcmFwaGljcy9TVkcvMS4xL0RURC9zdmcxMS5kdGQiPjxzdmcgdmVyc2lvbj0iMS4xIiBpZD0iRWJlbmVfMSIgeG1sbnM9Imh0dHA6Ly93d3cudzMub3JnLzIwMDAvc3ZnIiB4bWxuczp4bGluaz0iaHR0cDovL3d3dy53My5vcmcvMTk5OS94bGluayIgeD0iMHB4IiB5PSIwcHgiIHdpZHRoPSIxNnB4IiBoZWlnaHQ9IjE2cHgiIHZpZXdCb3g9IjAgMCAxNiAxNiIgZW5hYmxlLWJhY2tncm91bmQ9Im5ldyAwIDAgMTYgMTYiIHhtbDpzcGFjZT0icHJlc2VydmUiPjxnPjxnPjxwYXRoIGZpbGw9IiNGRkZGRkYiIGQ9Ik04LjAwMSwxNS41QzMuODY0LDE1LjUsMC41LDEyLjEzNiwwLjUsOGMwLTQuMTM1LDMuMzY1LTcuNSw3LjUwMS03LjVTMTUuNSwzLjg2NCwxNS41LDhTMTIuMTM3LDE1LjUsOC4wMDEsMTUuNXoiLz48cGF0aCBmaWxsPSIjRDUyQjFFIiBkPSJNOC4wMDEsMUMxMS44NiwxLDE1LDQuMTQxLDE1LDhzLTMuMTM5LDctNi45OTksN0M0LjE0LDE1LDEsMTEuODU5LDEsOFM0LjE0LDEsOC4wMDEsMSBNOC4wMDEsMEMzLjU4MiwwLDAsMy41ODIsMCw4czMuNTgyLDgsOC4wMDEsOEMxMi40MTgsMTYsMTYsMTIuNDE4LDE2LDhTMTIuNDE4LDAsOC4wMDEsMEw4LjAwMSwweiIvPjwvZz48cGF0aCBmaWxsPSIjRDUyQjFFIiBkPSJNNi43NDUsMTIuNTg5Yy0wLjIyNywwLjEyMi0wLjQ5NywwLjI0Ny0wLjY4NCwwLjI0N2MtMC4zMTgsMC0wLjUwMS0wLjE2NC0wLjUwMS0wLjQ1MmMwLTAuMjA3LDAuMTQtMC4zNzUsMC41OTUtMC42MjJjMS41NDktMC45MDQsMi41OTQtMi4yNzIsMi41OTQtMy43MjFjMC0wLjgyNS0wLjIyNy0xLjExOS0wLjY4MS0xLjExOWMtMC4xMzUsMC0wLjMyLDAuMjE5LTAuNjM2LDAuMjE5SDcuMTU3QzYuMTAyLDcuMTQzLDUuMzMzLDYuMjY0LDUuMzMzLDUuMjNjMC0xLjE1MiwwLjk1OC0yLjAwNiwyLjI4LTIuMDA2YzEuNzc3LDAsMy4wNTMsMS4zNzMsMy4wNTMsMy40M0MxMC42NjYsOS4yMTUsOS4yMDMsMTEuMjcsNi43NDUsMTIuNTg5Ii8+PC9nPjwvc3ZnPg\"><\/a>.<\/p>\n\n\n\n<p class=\"has-small-font-size\">Tagungsbericht: Kontinuit\u00e4ten rechter Gewalt. Ideologien \u2013 Praktiken \u2013 Wirkungen, 13.2.2020\u201314.2.2020 Potsdam, L.I.S.A. Wissenschaftsportal der Gerda-Henkel-Stiftung 19.4.2020, <a href=\"https:\/\/lisa.gerda-henkel-stiftung.de\/kontinuitaeten_rechter_gewalt._ideologien_praktiken_wirkungen?nav_id=9113\">https:\/\/lisa.gerda-henkel-stiftung.de\/kontinuitaeten_rechter_gewalt._ideologien_praktiken_wirkungen?nav_id=9113<\/a>.<\/p>\n\n\n\n<div style=\"height:32px\" aria-hidden=\"true\" class=\"wp-block-spacer\"><\/div>\n\n\n\n<h4 class=\"wp-block-heading\">Kontakt<\/h4>\n\n\n\n<p>Darius Muschiol<br>Leibniz-Zentrum f\u00fcr Zeithistorische Forschung Potsdam<br>Am Neuen Markt 1<br>14467 Potsdam<\/p>\n\n\n\n<p>E-Mail: <a href=\"mailto:darius.muschiol@zzf-potsdam.de\">darius.muschiol@zzf-potsdam.de<\/a><\/p>\n","protected":false},"excerpt":{"rendered":"<p>Darius Muschiol war seit Juni 2021 assoziierter Doktorand am ZZF Potsdam im Forschungsprojekt \u201eDie radikale Rechte in Deutschland, 1945-2000\u201c. Sein Promotionsprojekt zum Thema \u201eEinzelt\u00e4ter? Rechtsterroristische Akteure in der alten Bundesrepublik\u201c wurde von der Hans-B\u00f6ckler-Stiftung gef\u00f6rdert . Darius Muschiol hat am&hellip;  <\/p>\n<p class=\"more-link\"><a href=\"https:\/\/projekt.radikale-rechte.de\/index.php\/darius-muschiol\/\">Continue reading <span class=\"meta-nav\">&rarr;<\/span><\/a><\/p>\n","protected":false},"author":2,"featured_media":0,"parent":0,"menu_order":0,"comment_status":"closed","ping_status":"closed","template":"","meta":{"footnotes":""},"class_list":["post-22","page","type-page","status-publish","hentry"],"_links":{"self":[{"href":"https:\/\/projekt.radikale-rechte.de\/index.php\/wp-json\/wp\/v2\/pages\/22","targetHints":{"allow":["GET"]}}],"collection":[{"href":"https:\/\/projekt.radikale-rechte.de\/index.php\/wp-json\/wp\/v2\/pages"}],"about":[{"href":"https:\/\/projekt.radikale-rechte.de\/index.php\/wp-json\/wp\/v2\/types\/page"}],"author":[{"embeddable":true,"href":"https:\/\/projekt.radikale-rechte.de\/index.php\/wp-json\/wp\/v2\/users\/2"}],"replies":[{"embeddable":true,"href":"https:\/\/projekt.radikale-rechte.de\/index.php\/wp-json\/wp\/v2\/comments?post=22"}],"version-history":[{"count":18,"href":"https:\/\/projekt.radikale-rechte.de\/index.php\/wp-json\/wp\/v2\/pages\/22\/revisions"}],"predecessor-version":[{"id":1623,"href":"https:\/\/projekt.radikale-rechte.de\/index.php\/wp-json\/wp\/v2\/pages\/22\/revisions\/1623"}],"wp:attachment":[{"href":"https:\/\/projekt.radikale-rechte.de\/index.php\/wp-json\/wp\/v2\/media?parent=22"}],"curies":[{"name":"wp","href":"https:\/\/api.w.org\/{rel}","templated":true}]}}